{"id":4167,"date":"2024-12-19T14:35:24","date_gmt":"2024-12-19T19:35:24","guid":{"rendered":"https:\/\/commons.princeton.edu\/contextos\/?post_type=reading&#038;p=4167"},"modified":"2026-02-24T08:47:59","modified_gmt":"2026-02-24T13:47:59","slug":"una-carta","status":"publish","type":"reading","link":"https:\/\/commons.princeton.edu\/contextos\/reading\/una-carta\/","title":{"rendered":"Una carta al Sr. Francisco Torres Gimeno"},"content":{"rendered":"<p><img loading=\"lazy\" decoding=\"async\" class=\"alignnone size-medium wp-image-4235\" src=\"https:\/\/commons.princeton.edu\/contextos\/wp-content\/uploads\/2024\/12\/Carta-300x158.png\" alt=\"\" width=\"300\" height=\"158\" srcset=\"https:\/\/commons.princeton.edu\/contextos\/wp-content\/uploads\/2024\/12\/Carta-300x158.png 300w, https:\/\/commons.princeton.edu\/contextos\/wp-content\/uploads\/2024\/12\/Carta-1024x541.png 1024w, https:\/\/commons.princeton.edu\/contextos\/wp-content\/uploads\/2024\/12\/Carta-768x406.png 768w, https:\/\/commons.princeton.edu\/contextos\/wp-content\/uploads\/2024\/12\/Carta.png 1458w\" sizes=\"auto, (max-width: 300px) 100vw, 300px\" \/><\/p>\n<p>Sr. Francisco Torres Gimeno<\/p>\n<p>Abogado del Bufete Mu\u00f1oz Rivera<\/p>\n<p>c\/ Escondite Ingl\u00e9s, 123<\/p>\n<p>119, Envigado, Antioquia, Colombia.<\/p>\n<p style=\"text-align: right;\">Princeton, 20 de diciembre de 2024<\/p>\n<p><span class=\"registro layer\" data-post=\"4171\" data-type=\"registro\">Estimado Sr. Torres:<\/span><\/p>\n<p><span class=\"registro layer\" data-post=\"4171\" data-type=\"registro\">Me dirijo a usted,<\/span>con el fin de solicitar su valiosa orientaci\u00f3n para <span class=\"vocabulario layer\" data-post=\"4173\" data-type=\"vocabulario\">poner a disposici\u00f3n de la <span class=\"vocabulario layer\" data-post=\"4173\" data-type=\"vocabulario\">justicia<\/span><\/span>\u00a0un caso que, <span class=\"gram\u00e1tica layer\" data-post=\"4172\" data-type=\"gram\u00e1tica\">aunque<\/span> parece sacado de una comedia, es m\u00e1s serio de lo que parece.<\/p>\n<p><span class=\"registro layer\" data-post=\"4171\" data-type=\"registro\">En esta oportunidad me gustar\u00eda<\/span> contarle brevemente lo sucedido. El d\u00eda lunes, qued\u00e9 con mi coautor y un representante de una editorial muy conocida. Era <span class=\"cultura layer\" data-post=\"4174\" data-type=\"cultura\">una reuni\u00f3n de trabajo<\/span>, pero el agente decidi\u00f3 convocarnos en una cafeter\u00eda, lo cual ya me pareci\u00f3 muy poco profesional. El prop\u00f3sito era hablar sobre la publicaci\u00f3n del manuscrito en el que hab\u00edamos trabajado yo y mi compa\u00f1ero. Me pareci\u00f3 extra\u00f1o que despu\u00e9s de saludarnos con un solo <span class=\"cultura layer\" data-post=\"4174\" data-type=\"cultura\">apret\u00f3n de manos<\/span>, el representante se pusiera a hablar con mi coautor, <span class=\"gram\u00e1tica layer\" data-post=\"4225\" data-type=\"gram\u00e1tica\">haciendo como si yo no estuviera presente<\/span>. Trat\u00e9 de decir algo, pero sus miradas de reproche fueron como cuchillas al aire. Ante tal actitud, dej\u00e9 de intervenir. Al final de la reuni\u00f3n, si as\u00ed puede llamarse, el representante s\u00f3lo dio la mano a mi coautor y a mi no. Me qued\u00e9 perpleja, pero eso no fue nada. Al d\u00eda siguiente mi coautor me dijo que le hab\u00eda llamado el representante y que s\u00f3lo pensaba publicar el libro bajo su nombre y que yo, por ser mujer, no deb\u00eda ni ser mencionada. Mi \u00fanico \u201cdelito\u201d al parecer fue ser mujer. Considerando lo ocurrido, me veo obligada a recurrir a la justicia.<\/p>\n<p>Como siempre, Ud. me ha dado buenos consejos, y por eso conf\u00edo en que podr\u00e1 ayudarme en este caso. No es que quiera tomarme la justicia por mano propia, pero tampoco quiero que nadie huya de la justicia y no se tomen acciones contra alguien as\u00ed. \u00bfCree Ud. tendr\u00eda probabilidades de ganar si lo demandara?<\/p>\n<p>Espero que con mi caso se pueda ganar una peque\u00f1a batalla a favor de un mundo libre de discriminaci\u00f3n.<\/p>\n<p><span class=\"registro layer\" data-post=\"4171\" data-type=\"registro\">Se despide atentamente,<\/span><\/p>\n<p>Pepita L\u00f3pez<\/p>\n","protected":false},"excerpt":{"rendered":"<p>Sr. Francisco Torres Gimeno Abogado del Bufete Mu\u00f1oz Rivera c\/ Escondite Ingl\u00e9s, 123 119, Envigado, Antioquia, Colombia. Princeton, 20 de diciembre de 2024 Estimado Sr. Torres: Me dirijo a usted,con el fin de solicitar su valiosa orientaci\u00f3n para poner a disposici\u00f3n de la justicia\u00a0un caso que, aunque parece sacado de una comedia, es m\u00e1s serio [&hellip;]<\/p>\n","protected":false},"author":1,"featured_media":4203,"parent":0,"menu_order":0,"comment_status":"open","ping_status":"closed","template":"","class_list":["post-4167","reading","type-reading","status-publish","has-post-thumbnail","hentry","contextos_cat-spa206"],"_links":{"self":[{"href":"https:\/\/commons.princeton.edu\/contextos\/wp-json\/wp\/v2\/reading\/4167","targetHints":{"allow":["GET"]}}],"collection":[{"href":"https:\/\/commons.princeton.edu\/contextos\/wp-json\/wp\/v2\/reading"}],"about":[{"href":"https:\/\/commons.princeton.edu\/contextos\/wp-json\/wp\/v2\/types\/reading"}],"author":[{"embeddable":true,"href":"https:\/\/commons.princeton.edu\/contextos\/wp-json\/wp\/v2\/users\/1"}],"replies":[{"embeddable":true,"href":"https:\/\/commons.princeton.edu\/contextos\/wp-json\/wp\/v2\/comments?post=4167"}],"version-history":[{"count":13,"href":"https:\/\/commons.princeton.edu\/contextos\/wp-json\/wp\/v2\/reading\/4167\/revisions"}],"predecessor-version":[{"id":4461,"href":"https:\/\/commons.princeton.edu\/contextos\/wp-json\/wp\/v2\/reading\/4167\/revisions\/4461"}],"wp:featuredmedia":[{"embeddable":true,"href":"https:\/\/commons.princeton.edu\/contextos\/wp-json\/wp\/v2\/media\/4203"}],"wp:attachment":[{"href":"https:\/\/commons.princeton.edu\/contextos\/wp-json\/wp\/v2\/media?parent=4167"}],"curies":[{"name":"wp","href":"https:\/\/api.w.org\/{rel}","templated":true}]}}