{"id":3980,"date":"2024-06-09T11:42:29","date_gmt":"2024-06-09T15:42:29","guid":{"rendered":"https:\/\/commons.princeton.edu\/contextos\/?post_type=reading&#038;p=3980"},"modified":"2024-06-19T14:02:56","modified_gmt":"2024-06-19T18:02:56","slug":"las-montanas-de-america-latina","status":"publish","type":"reading","link":"https:\/\/commons.princeton.edu\/contextos\/reading\/las-montanas-de-america-latina\/","title":{"rendered":"Los hijos del sol"},"content":{"rendered":"<p><img loading=\"lazy\" decoding=\"async\" class=\"alignnone size-full wp-image-3973\" src=\"https:\/\/commons.princeton.edu\/contextos\/wp-content\/uploads\/2024\/06\/spa207_13.jpg\" alt=\"\" width=\"600\" height=\"469\" srcset=\"https:\/\/commons.princeton.edu\/contextos\/wp-content\/uploads\/2024\/06\/spa207_13.jpg 600w, https:\/\/commons.princeton.edu\/contextos\/wp-content\/uploads\/2024\/06\/spa207_13-300x235.jpg 300w\" sizes=\"auto, (max-width: 600px) 100vw, 600px\" \/><\/p>\n<p><span class=\"cultura layer\" data-post=\"3959\" data-type=\"cultura\">En las monta\u00f1as de Am\u00e9rica Latina, viv\u00eda una comunidad ind\u00edgena que se llamaba &#8220;Los Hijos del Sol&#8221;.<\/span> En ese pueblo, la naturaleza era la maestra y el sol, su gu\u00eda. <span class=\"discurso layer\" data-post=\"3961\" data-type=\"discurso\">Durante a\u00f1os, lucharon contra la sequ\u00eda que se cern\u00eda como un manto \u00e1rido sobre la regi\u00f3n<\/span>, marchitando los cultivos y dejando a los animales sedientos.<\/p>\n<p>En este pueblo hab\u00eda <span class=\"gram\u00e1tica layer\" data-post=\"3960\" data-type=\"gram\u00e1tica\">un joven llamado Mateo, quien so\u00f1aba con explorar<\/span> m\u00e1s all\u00e1 de las monta\u00f1as en busca de una soluci\u00f3n para su comunidad. Mateo deseaba encontrar nuevas tierras en las que su gente pudiera prosperar, lejos de la sequ\u00eda y el hambre. Decidi\u00f3 emprender una aventura, con el susurro del viento como su \u00fanica compa\u00f1\u00eda y el eco de las palabras sabias del anciano Cacique resonando en su mente: &#8220;Que el sol ilumine tu camino y que los esp\u00edritus te gu\u00eden en tu viaje&#8221;.<\/p>\n<p>Con el coraz\u00f3n palpitante como el latir de un tambor en la noche, Mateo se adentr\u00f3 en lo desconocido. Durante su viaje, conoci\u00f3 a personas que proven\u00edan de diferentes culturas y aprendi\u00f3 sobre sus tradiciones. Un d\u00eda, sus pies cansados encontraron tierra firme en un para\u00edso verde y exuberante, en el que la lluvia era tan abundante como el sol. All\u00ed, las tierras no estaban cultivadas por otras comunidades. Mateo sinti\u00f3 que hab\u00eda llegado al final del camino, y agradeci\u00f3 a los esp\u00edritus que le hab\u00edan guiado.<\/p>\n<p>Al regresar a su comunidad, Mateo comparti\u00f3 su viaje. Inspirados por su valent\u00eda,\u00a0 emprendieron un nuevo camino hacia la prosperidad. Y as\u00ed, la historia del joven Mateo se convirti\u00f3 en un canto de esperanza y renovaci\u00f3n para Los Hijos del Sol.<\/p>\n<p>Texto creado por ChatGTP<\/p>\n","protected":false},"excerpt":{"rendered":"<p>En las monta\u00f1as de Am\u00e9rica Latina, viv\u00eda una comunidad ind\u00edgena que se llamaba &#8220;Los Hijos del Sol&#8221;. En ese pueblo, la naturaleza era la maestra y el sol, su gu\u00eda. Durante a\u00f1os, lucharon contra la sequ\u00eda que se cern\u00eda como un manto \u00e1rido sobre la regi\u00f3n, marchitando los cultivos y dejando a los animales sedientos. [&hellip;]<\/p>\n","protected":false},"author":1,"featured_media":3973,"parent":0,"menu_order":6,"comment_status":"open","ping_status":"closed","template":"","class_list":["post-3980","reading","type-reading","status-publish","has-post-thumbnail","hentry","contextos_cat-spa207"],"_links":{"self":[{"href":"https:\/\/commons.princeton.edu\/contextos\/wp-json\/wp\/v2\/reading\/3980","targetHints":{"allow":["GET"]}}],"collection":[{"href":"https:\/\/commons.princeton.edu\/contextos\/wp-json\/wp\/v2\/reading"}],"about":[{"href":"https:\/\/commons.princeton.edu\/contextos\/wp-json\/wp\/v2\/types\/reading"}],"author":[{"embeddable":true,"href":"https:\/\/commons.princeton.edu\/contextos\/wp-json\/wp\/v2\/users\/1"}],"replies":[{"embeddable":true,"href":"https:\/\/commons.princeton.edu\/contextos\/wp-json\/wp\/v2\/comments?post=3980"}],"version-history":[{"count":4,"href":"https:\/\/commons.princeton.edu\/contextos\/wp-json\/wp\/v2\/reading\/3980\/revisions"}],"predecessor-version":[{"id":4000,"href":"https:\/\/commons.princeton.edu\/contextos\/wp-json\/wp\/v2\/reading\/3980\/revisions\/4000"}],"wp:featuredmedia":[{"embeddable":true,"href":"https:\/\/commons.princeton.edu\/contextos\/wp-json\/wp\/v2\/media\/3973"}],"wp:attachment":[{"href":"https:\/\/commons.princeton.edu\/contextos\/wp-json\/wp\/v2\/media?parent=3980"}],"curies":[{"name":"wp","href":"https:\/\/api.w.org\/{rel}","templated":true}]}}