{"id":3832,"date":"2024-05-01T13:09:51","date_gmt":"2024-05-01T17:09:51","guid":{"rendered":"https:\/\/commons.princeton.edu\/contextos\/?post_type=reading&#038;p=3832"},"modified":"2024-06-10T09:39:08","modified_gmt":"2024-06-10T13:39:08","slug":"fragmentos-de-textos-sobre-la-pelicula-roma","status":"publish","type":"reading","link":"https:\/\/commons.princeton.edu\/contextos\/reading\/fragmentos-de-textos-sobre-la-pelicula-roma\/","title":{"rendered":"Fragmentos de textos sobre la pel\u00edcula Roma"},"content":{"rendered":"<h2><img loading=\"lazy\" decoding=\"async\" class=\"alignnone wp-image-3820 size-full\" src=\"https:\/\/commons.princeton.edu\/contextos\/wp-content\/uploads\/2024\/05\/Roma.jpg\" alt=\"\" width=\"900\" height=\"506\" srcset=\"https:\/\/commons.princeton.edu\/contextos\/wp-content\/uploads\/2024\/05\/Roma.jpg 900w, https:\/\/commons.princeton.edu\/contextos\/wp-content\/uploads\/2024\/05\/Roma-300x169.jpg 300w, https:\/\/commons.princeton.edu\/contextos\/wp-content\/uploads\/2024\/05\/Roma-768x432.jpg 768w\" sizes=\"auto, (max-width: 900px) 100vw, 900px\" \/><\/h2>\n<h2>1<\/h2>\n<p><span class=\"discurso layer\" data-post=\"3815\" data-type=\"discurso\">La pel\u00edcula Roma trata sobre Cleo<\/span>, una mujer originaria de Oaxaca que trabaja como empleada dom\u00e9stica para una familia de la colonia Roma. Al tener solo los fines de semana libres, aprovecha para hacer su vida y se enamora de un hombre que la abandona al saber que la embaraz\u00f3. Sin embargo, con el apoyo de Sof\u00eda, la mujer para quien trabaja, logra salir adelante.<\/p>\n<p>Extra\u00eddo de: <a href=\"https:\/\/gaceta.facmed.unam.mx\/index.php\/2021\/04\/08\/un-analisis-de-la-pelicula-roma-desde-la-perspectiva-de-genero\/\">https:\/\/gaceta.facmed.unam.mx\/index.php\/2021\/04\/08\/un-analisis-de-la-pelicula-roma-desde-la-perspectiva-de-genero\/<\/a><\/p>\n<hr \/>\n<h2>2<\/h2>\n<p><b>El retrato que se logra de Cleo en pantalla es muy \u00edntimo. \u00bfCu\u00e1l fue tu reacci\u00f3n inicial al material y c\u00f3mo fue tu din\u00e1mica con Alfonso para poder desarrollarlo?<\/b><\/p>\n<p>Recuerdo que desde el primer momento en que conoc\u00ed a Alfonso me coment\u00f3 que era una historia muy personal. Una vez me explic\u00f3 m\u00e1s del personaje, eso hizo que lo pudiera identificar m\u00e1s con mi mam\u00e1. As\u00ed que sent\u00ed que esta era una oportunidad para poder rendirle un homenaje a ella, y eso fue algo que me emocion\u00f3 m\u00e1s para hacer la pel\u00edcula.<\/p>\n<p><b>Cuar\u00f3n ha dicho p\u00fablicamente que Cleo es un retrato de Libo, la mujer que lo cri\u00f3 y a quien est\u00e1 dedicado el filme. \u00bfTuviste la oportunidad de conocer y hablar con ella antes de interpretar a Cleo?<\/b><\/p>\n<p>Antes de empezar el rodaje de la pel\u00edcula tuve el gran honor de hablar con ella. Es una persona incre\u00edble. Ahora que conoc\u00ed m\u00e1s de su historia, me sorprende c\u00f3mo a pesar de todas estas dificultades que tuvo en el transcurso de su vida, ella sigue siendo una persona que te transmite amor.<\/p>\n<p>Extra\u00eddo de: <a href=\"https:\/\/www.aarp.org\/espanol\/entretenimiento\/cine-y-television\/info-2019\/entrevista-yalitza-aparicio-actriz-de-roma.html\">https:\/\/www.aarp.org\/espanol\/entretenimiento\/cine-y-television\/info-2019\/entrevista-yalitza-aparicio-actriz-de-roma.html<\/a><\/p>\n<hr \/>\n<h2>3<\/h2>\n<p>Roma es un filme de Alfonso Cuar\u00f3n estrenado en el a\u00f1o 2018. <span class=\"gram\u00e1tica layer\" data-post=\"3827\" data-type=\"gram\u00e1tica\">La pel\u00edcula aborda de manera \u00edntima y extraordinaria la cotidianidad de una familia de clase media<\/span>, en el M\u00e9xico de los a\u00f1os 70, una familia que crece bajo los cuidados de la \u201cnana\u201d Cleo, eje del relato.<\/p>\n<p>Inspirada en la infancia de Cuar\u00f3n, esta laureada pel\u00edcula deja traslucir c\u00f3mo conviven los conflictos con la cotidianidad, tales como el racismo, el clasismo, el autoritarismo pol\u00edtico, el patriarcado y el orden matricentral del hogar latinoamericano, al tiempo que rinde un homenaje a aquellas mujeres que levantaron familias ajenas de manera amorosa, a pesar del rol social al que estaban confinadas. Es por ello que Cuar\u00f3n dedica este filme a su nana Liboria &#8220;Libo&#8221; Rodr\u00edguez.<\/p>\n<p>Extra\u00eddo de: <a href=\"https:\/\/www.culturagenial.com\/es\/pelicula-roma-de-alfonso-cuaron\/\">https:\/\/www.culturagenial.com\/es\/pelicula-roma-de-alfonso-cuaron\/<\/a><\/p>\n<hr \/>\n<h2>4<\/h2>\n<p>Si algo hace tan grande y \u00fanico a un medio como el cinematogr\u00e1fico, esa es su habilidad para condensar y transmitir las m\u00e1s puras emociones de un modo pr\u00e1cticamente m\u00e1s intenso del que puede experimentarse en la realidad, reduciendo algo gigante a una m\u00ednima expresi\u00f3n o transformando una peque\u00f1a an\u00e9cdota en la mayor de las odiseas tras, como en el caso de &#8216;Roma&#8217;, exprimir un vago recuerdo de la infancia para moldear un relato m\u00e1s grande que la vida misma.<\/p>\n<p>[&#8230;]<\/p>\n<p>&#8216;Roma&#8217;, m\u00e1s que una pel\u00edcula, es un trozo de vida. Un pedazo del coraz\u00f3n de Cuar\u00f3n en el que el mexicano, en un ejercicio prodigioso tanto en forma como en fondo, y combinando una nostalgia sincera, un gran componente reivindicativo, y una escala emocional tan deslumbrante como la amalgama de grises de su fotograf\u00eda, <span class=\"cultura layer\" data-post=\"3817\" data-type=\"cultura\">convierte en inesperada protagonista a una eterna secundaria en la vida real<\/span>.<\/p>\n<p>Una Cleo, objeto principal del filme y sin la cual &#8216;Roma&#8217; no tendr\u00eda raz\u00f3n de ser, cuyos tristes e inocentes ojos sirven de testigo para retratar el d\u00eda a d\u00eda de una familia acomodada en la Ciudad de M\u00e9xico de principios de los setenta. Un hilo conductor incidental que sirve como excusa al director para capturar en pantalla una \u00e9poca, un escenario, un clima sociopol\u00edtico, unas texturas, una amalgama de memorias y un aut\u00e9ntico torbellino de sensaciones a flor de piel.<\/p>\n<p>Extra\u00eddo de: <a href=\"https:\/\/www-espinof-com.translate.goog\/criticas\/roma-peliculas-maravillosas-decada-prodigiosa-obra-arte?_x_tr_sl=es&amp;_x_tr_tl=en&amp;_x_tr_hl=en&amp;_x_tr_pto=sc\">https:\/\/www-espinof-com.translate.goog\/criticas\/roma-peliculas-maravillosas-decada-prodigiosa-obra-arte?_x_tr_sl=es&amp;_x_tr_tl=en&amp;_x_tr_hl=en&amp;_x_tr_pto=sc<\/a><\/p>\n<hr \/>\n<h2>5<\/h2>\n<p>T\u00edtulo Original: Roma<br \/>\nDirecci\u00f3n: Alfonso Cuar\u00f3n<br \/>\nPa\u00eds(es): M\u00e9xico, Estados Unidos de Am\u00e9rica<br \/>\nIdioma Original: Espa\u00f1ol<br \/>\nFormato: HD<br \/>\nCategor\u00eda: Ficci\u00f3n<br \/>\nTipo: Color<br \/>\nDuraci\u00f3n: 135 min.<br \/>\nA\u00f1o de producci\u00f3n: 2018<br \/>\nProductora: Participant Media, Esperanto Filmoj<br \/>\nDistribuidora: Netflix<br \/>\nGui\u00f3n: Alfonso Cuar\u00f3n<br \/>\nFotograf\u00eda: Alfonso Cuar\u00f3n, Galo Olivares<br \/>\nEdici\u00f3n: Alfonso Cuar\u00f3n, Adam Gough<br \/>\nM\u00fasica: Steven Price<br \/>\nInt\u00e9rpretes: Yalitza Aparicio, Nancy Garc\u00eda Garc\u00eda, Marina de Tavira, Daniela Demesa, Enoc Lea\u00f1o, Marco Graf<\/p>\n<p>Extra\u00eddo de: <a href=\"http:\/\/cinelatinoamericano.org\/ficha.aspx?cod=7949\">http:\/\/cinelatinoamericano.org\/ficha.aspx?cod=7949<\/a><\/p>\n","protected":false},"excerpt":{"rendered":"<p>1 La pel\u00edcula Roma trata sobre Cleo, una mujer originaria de Oaxaca que trabaja como empleada dom\u00e9stica para una familia de la colonia Roma. Al tener solo los fines de semana libres, aprovecha para hacer su vida y se enamora de un hombre que la abandona al saber que la embaraz\u00f3. Sin embargo, con el [&hellip;]<\/p>\n","protected":false},"author":1,"featured_media":3820,"parent":0,"menu_order":1,"comment_status":"open","ping_status":"closed","template":"","class_list":["post-3832","reading","type-reading","status-publish","has-post-thumbnail","hentry","contextos_cat-spa207"],"_links":{"self":[{"href":"https:\/\/commons.princeton.edu\/contextos\/wp-json\/wp\/v2\/reading\/3832","targetHints":{"allow":["GET"]}}],"collection":[{"href":"https:\/\/commons.princeton.edu\/contextos\/wp-json\/wp\/v2\/reading"}],"about":[{"href":"https:\/\/commons.princeton.edu\/contextos\/wp-json\/wp\/v2\/types\/reading"}],"author":[{"embeddable":true,"href":"https:\/\/commons.princeton.edu\/contextos\/wp-json\/wp\/v2\/users\/1"}],"replies":[{"embeddable":true,"href":"https:\/\/commons.princeton.edu\/contextos\/wp-json\/wp\/v2\/comments?post=3832"}],"version-history":[{"count":10,"href":"https:\/\/commons.princeton.edu\/contextos\/wp-json\/wp\/v2\/reading\/3832\/revisions"}],"predecessor-version":[{"id":3849,"href":"https:\/\/commons.princeton.edu\/contextos\/wp-json\/wp\/v2\/reading\/3832\/revisions\/3849"}],"wp:featuredmedia":[{"embeddable":true,"href":"https:\/\/commons.princeton.edu\/contextos\/wp-json\/wp\/v2\/media\/3820"}],"wp:attachment":[{"href":"https:\/\/commons.princeton.edu\/contextos\/wp-json\/wp\/v2\/media?parent=3832"}],"curies":[{"name":"wp","href":"https:\/\/api.w.org\/{rel}","templated":true}]}}