{"id":221,"date":"2020-07-03T12:44:37","date_gmt":"2020-07-03T16:44:37","guid":{"rendered":"http:\/\/commons.princeton.edu\/contextos\/?post_type=reading&#038;p=221"},"modified":"2024-01-28T11:09:04","modified_gmt":"2024-01-28T16:09:04","slug":"somos-mas-americanos-version-2","status":"publish","type":"reading","link":"https:\/\/commons.princeton.edu\/contextos\/reading\/somos-mas-americanos-version-2\/","title":{"rendered":"Somos m\u00e1s americanos"},"content":{"rendered":"<h4>Los Tigres del Norte &#8211; <em>Uniendo Fronteras<\/em> (\u00c1lbum), 2001<\/h4>\n<p><em><strong>Los Tigres del Norte, hermanos originarios de Sinaloa, M\u00e9xico, pero establecidos en San Jos\u00e9, California, a donde emigraron en su juventud en los a\u00f1os 70, son uno de los grupos de m\u00fasica norte\u00f1a\u00a0m\u00e1s conocidos gracias a sus \u2018<a href=\"https:\/\/www.youtube.com\/watch?v=eWjYckZQ02g\">corridos<\/a>\u2019, canciones de tono socio-pol\u00edtico, historias narradas de la experiencia popular mexicana. En esta canci\u00f3n nos vamos a fijar en c\u00f3mo presentan una reinvidicaci\u00f3n com\u00fan a muchos migrantes, explorando en profundidad los distintos elementos de la argumentaci\u00f3n. Para empezar, lee la letra de la canci\u00f3n, entra en el icono \u2018Estructura\u2019 cuando termines, y haz click en la primera secci\u00f3n de texto subrayada.<\/strong><\/em><\/p>\n<table style=\"width: 88.0979%; border-collapse: collapse; height: 906px;\" border=\"0\">\n<tbody>\n<tr>\n<td style=\"width: 27.8828%;\"><img loading=\"lazy\" decoding=\"async\" class=\"wp-image-1667 alignnone\" src=\"https:\/\/commons.princeton.edu\/contextos\/wp-content\/uploads\/2020\/07\/Original_and_modern_borders_of_Mexico_from_page_551_of_Illustrated_Battles_of_the_Nineteenth_Century._By_Archibald_Forbes_Majo.jpg\" alt=\"\" width=\"226\" height=\"182\" srcset=\"https:\/\/commons.princeton.edu\/contextos\/wp-content\/uploads\/2020\/07\/Original_and_modern_borders_of_Mexico_from_page_551_of_Illustrated_Battles_of_the_Nineteenth_Century._By_Archibald_Forbes_Majo.jpg 743w, https:\/\/commons.princeton.edu\/contextos\/wp-content\/uploads\/2020\/07\/Original_and_modern_borders_of_Mexico_from_page_551_of_Illustrated_Battles_of_the_Nineteenth_Century._By_Archibald_Forbes_Majo-300x242.jpg 300w\" sizes=\"auto, (max-width: 226px) 100vw, 226px\" \/><\/p>\n<p><span class=\"gram\u00e1tica layer\" data-type=\"gram\u00e1tica\" data-post=\"270\" data-href=\"https:\/\/commons.princeton.edu\/contextos\/somos-mas-americanos-gramatica-i\/\">Ya me gritaron mil veces<\/span><\/p>\n<p><span class=\"estructura layer\" data-type=\"estructura\" data-post=\"170\" data-href=\"https:\/\/commons.princeton.edu\/contextos\/somos-mas-americanos-estructura-i\/\">que me regrese a mi tierra<\/span><\/p>\n<p><span class=\"funciones layer\" data-type=\"funciones\" data-post=\"234\" data-href=\"https:\/\/commons.princeton.edu\/contextos\/somos-mas-americanos-funciones-i\/\">porque aqu\u00ed no quepo yo.<\/span><\/p>\n<p><span class=\"estructura layer\" data-type=\"estructura\" data-post=\"175\" data-href=\"https:\/\/commons.princeton.edu\/contextos\/somos-mas-americanos-estructura-ii\/\">Quiero recordarle al gringo<\/span><\/p>\n<p>yo no cruc\u00e9 la frontera,<\/p>\n<p><span class=\"gram\u00e1tica layer\" data-type=\"gram\u00e1tica\" data-post=\"284\" data-href=\"https:\/\/commons.princeton.edu\/contextos\/somos-mas-americanos-gramatica-ii\/\">la frontera me cruz\u00f3.<\/span><\/p>\n<p>Am\u00e9rica naci\u00f3 libre,<\/p>\n<p>el hombre la dividi\u00f3.<\/p>\n<p>Ellos pintaron la raya<\/p>\n<p>para que yo la brincara<\/p>\n<p>y me llaman invasor.<\/p>\n<p>Es un error bien marcado<\/p>\n<p><span class=\"gram\u00e1tica layer\" data-type=\"gram\u00e1tica\" data-post=\"289\" data-href=\"https:\/\/commons.princeton.edu\/contextos\/somos-mas-americanos-gramatica-iii\/\">nos quitaron ocho estados,<\/span><\/p>\n<p>\u00bfqui\u00e9n es aqu\u00ed el invasor?<\/p>\n<p>&nbsp;<\/p>\n<p>&nbsp;<\/td>\n<td style=\"width: 30.4563%;\"><span class=\"funciones layer\" data-type=\"funciones\" data-post=\"242\" data-href=\"https:\/\/commons.princeton.edu\/contextos\/somos-mas-americanos-funciones-i-b\/\">Soy extranjero en mi tierra<\/span><\/p>\n<p>y no vengo a darles guerra,<\/p>\n<p>soy hombre trabajador.<\/p>\n<p>Y si no miente la historia,<\/p>\n<p>aqu\u00ed se asent\u00f3 la gloria,<\/p>\n<p>la poderosa naci\u00f3n.<\/p>\n<p>Entre guerreros valientes,<\/p>\n<p>indios de dos continentes,<\/p>\n<p>mezclados con espa\u00f1ol.<\/p>\n<p>Y si a los siglos nos vamos,<\/p>\n<p>somos m\u00e1s americanos,<\/p>\n<p>somos m\u00e1s americanos<\/p>\n<p>que el hijo del anglosaj\u00f3n.<\/p>\n<p><span class=\"funciones layer\" data-type=\"funciones\" data-post=\"249\" data-href=\"https:\/\/commons.princeton.edu\/contextos\/somos-mas-americanos-funciones-iii\/\">Nos compraron sin dinero<\/span><\/p>\n<p>las aguas del Rio Bravo<\/p>\n<p>y nos quitaron a Texas,<\/p>\n<p>Nuevo M\u00e9xico,<\/p>\n<p>Arizona y Colorado.<\/p>\n<p>Tambi\u00e9n vol\u00f3 California y Nevada,<\/p>\n<p>con Utah no se llenaron,<\/p>\n<p>el estado de Wyoming<\/p>\n<p>tambi\u00e9n nos lo arrebataron.<\/td>\n<td style=\"width: 31.0935%;\">Yo soy la sangre del indio,<\/p>\n<p>soy latino soy mestizo.<\/p>\n<p>Somos de todos colores<\/p>\n<p>y de todos los oficios.<\/p>\n<p>Y si contamos los siglos,<\/p>\n<p>aunque le duela al vecino,<\/p>\n<p>somos m\u00e1s americanos que<\/p>\n<p>todititos los gringos.<\/p>\n<p>Y si no miente la historia,<\/p>\n<p>aqu\u00ed se asent\u00f3 la gloria,<\/p>\n<p>la poderosa naci\u00f3n.<\/p>\n<p>Entre guerreros valientes,<\/p>\n<p>indios de dos continentes,<\/p>\n<p>mezclados con espa\u00f1ol.<\/p>\n<p>Y si a los siglos nos vamos,<\/p>\n<p>somos m\u00e1s americanos,<\/p>\n<p>somos m\u00e1s americanos<\/p>\n<p>que el hijo del anglosaj\u00f3n.<\/p>\n<p>&nbsp;<\/p>\n<p>&nbsp;<\/p>\n<p>&nbsp;<\/p>\n<p>&nbsp;<\/td>\n<\/tr>\n<\/tbody>\n<\/table>\n<p><iframe loading=\"lazy\" title=\"somos mas americanos!!! - los tigres del norte\" frameborder=\"0\" width=\"500\" height=\"281\" src=\"https:\/\/geo.dailymotion.com\/player.html?video=xv66tw&#038;\" allowfullscreen allow=\"autoplay; fullscreen; picture-in-picture; web-share\"><\/iframe><\/p>\n<p>&nbsp;<\/p>\n","protected":false},"excerpt":{"rendered":"<p>Los Tigres del Norte es uno de los grupos de m\u00fasica norte\u00f1a\u00a0m\u00e1s conocidos gracias a sus \u2018corridos\u2019, canciones de tono socio-pol\u00edtico, historias narradas de la experiencia popular mexicana. En esta canci\u00f3n nos vamos a fijar en c\u00f3mo presentan una reinvidicaci\u00f3n com\u00fan a muchos migrantes, explorando en profundidad los distintos elementos de la argumentaci\u00f3n.<\/p>\n","protected":false},"author":2,"featured_media":1667,"parent":0,"menu_order":0,"comment_status":"open","ping_status":"closed","template":"","class_list":["post-221","reading","type-reading","status-publish","has-post-thumbnail","hentry","contextos_cat-mundo-hisp","contextos_tag-argumentativo","contextos_tag-cancion","contextos_tag-frontera","contextos_tag-identidad","contextos_tag-migracion","contextos_tag-somos-mas-americanos"],"_links":{"self":[{"href":"https:\/\/commons.princeton.edu\/contextos\/wp-json\/wp\/v2\/reading\/221","targetHints":{"allow":["GET"]}}],"collection":[{"href":"https:\/\/commons.princeton.edu\/contextos\/wp-json\/wp\/v2\/reading"}],"about":[{"href":"https:\/\/commons.princeton.edu\/contextos\/wp-json\/wp\/v2\/types\/reading"}],"author":[{"embeddable":true,"href":"https:\/\/commons.princeton.edu\/contextos\/wp-json\/wp\/v2\/users\/2"}],"replies":[{"embeddable":true,"href":"https:\/\/commons.princeton.edu\/contextos\/wp-json\/wp\/v2\/comments?post=221"}],"version-history":[{"count":5,"href":"https:\/\/commons.princeton.edu\/contextos\/wp-json\/wp\/v2\/reading\/221\/revisions"}],"predecessor-version":[{"id":3761,"href":"https:\/\/commons.princeton.edu\/contextos\/wp-json\/wp\/v2\/reading\/221\/revisions\/3761"}],"wp:featuredmedia":[{"embeddable":true,"href":"https:\/\/commons.princeton.edu\/contextos\/wp-json\/wp\/v2\/media\/1667"}],"wp:attachment":[{"href":"https:\/\/commons.princeton.edu\/contextos\/wp-json\/wp\/v2\/media?parent=221"}],"curies":[{"name":"wp","href":"https:\/\/api.w.org\/{rel}","templated":true}]}}