{"id":1594,"date":"2020-07-29T12:07:53","date_gmt":"2020-07-29T16:07:53","guid":{"rendered":"https:\/\/commons.princeton.edu\/contextos\/?post_type=reading&#038;p=1594"},"modified":"2024-01-28T11:09:20","modified_gmt":"2024-01-28T16:09:20","slug":"apropiacion-cultural","status":"publish","type":"reading","link":"https:\/\/commons.princeton.edu\/contextos\/reading\/apropiacion-cultural\/","title":{"rendered":"Apropiaci\u00f3n cultural, o la usurpaci\u00f3n de elementos \u00e9tnicos: \u00bfun problema real?"},"content":{"rendered":"<h4><img loading=\"lazy\" decoding=\"async\" class=\"alignleft wp-image-1663\" src=\"https:\/\/commons.princeton.edu\/contextos\/wp-content\/uploads\/2020\/07\/Elvis_Presley_Jailhouse_Rock-242x300.jpg\" alt=\"\" width=\"129\" height=\"160\" srcset=\"https:\/\/commons.princeton.edu\/contextos\/wp-content\/uploads\/2020\/07\/Elvis_Presley_Jailhouse_Rock-242x300.jpg 242w, https:\/\/commons.princeton.edu\/contextos\/wp-content\/uploads\/2020\/07\/Elvis_Presley_Jailhouse_Rock-825x1024.jpg 825w, https:\/\/commons.princeton.edu\/contextos\/wp-content\/uploads\/2020\/07\/Elvis_Presley_Jailhouse_Rock-768x953.jpg 768w, https:\/\/commons.princeton.edu\/contextos\/wp-content\/uploads\/2020\/07\/Elvis_Presley_Jailhouse_Rock-1237x1536.jpg 1237w, https:\/\/commons.princeton.edu\/contextos\/wp-content\/uploads\/2020\/07\/Elvis_Presley_Jailhouse_Rock-1650x2048.jpg 1650w, https:\/\/commons.princeton.edu\/contextos\/wp-content\/uploads\/2020\/07\/Elvis_Presley_Jailhouse_Rock.jpg 1772w\" sizes=\"auto, (max-width: 129px) 100vw, 129px\" \/>Adri\u00e1n Triglia, <em>Psicolog\u00eda y Mente<\/em><sup class='footnote'><a href='#fn-1594-1' id='fnref-1594-1' onclick='return fdfootnote_show(1594)'>1<\/a><\/sup><b><\/b><\/h4>\n<p><span style=\"color: #999999;\"><em><strong>En este art\u00edculo<\/strong><strong>, el psic\u00f3logo Adri\u00e1n Triglia explora diferentes acercamientos al concepto de apropiaci\u00f3n cultural. Hoy, vamos a centrarnos en la funci\u00f3n expositiva de este texto, prestando especial atenci\u00f3n a la impersonalidad, la valoraci\u00f3n, la certeza y la expresi\u00f3n de opini\u00f3n. Haz click en el icono &#8220;Estructura&#8221; para comenzar.<\/strong><\/em><\/span><\/p>\n<hr \/>\n<p><span class=\"estructura layer\" data-type=\"estructura\" data-post=\"1628\" data-href=\"https:\/\/commons.princeton.edu\/contextos\/apropiacion-cultural-estructura-i\/\">El concepto de apropiaci\u00f3n cultural <span class=\"funciones layer\" data-type=\"funciones\" data-post=\"1540\" data-href=\"https:\/\/commons.princeton.edu\/contextos\/apropiacion-cultural-funciones-i\/\">es cada vez m\u00e1s debatido en c\u00edrculos de psicolog\u00eda social<\/span>, antropolog\u00eda y sociolog\u00eda, si bien no es nuevo.<span style=\"background-color: #ffffff;\">\u00a0<\/span><\/span><span class=\"estructura layer\" data-type=\"estructura\" data-post=\"1628\" data-href=\"https:\/\/commons.princeton.edu\/contextos\/apropiacion-cultural-estructura-i\/\">[\u2026]<span style=\"background-color: #ffffff;\">\u00a0<\/span><\/span><span class=\"estructura layer\" data-type=\"estructura\" data-post=\"1628\" data-href=\"https:\/\/commons.princeton.edu\/contextos\/apropiacion-cultural-estructura-i\/\">Como veremos, parte del problema\u00a0es que <span class=\"funciones layer\" data-type=\"funciones\" data-post=\"1546\" data-href=\"https:\/\/commons.princeton.edu\/contextos\/apropiacion-cultural-funciones-ii\/\"><span class=\"gram\u00e1tica layer\" data-type=\"gram\u00e1tica\" data-post=\"1548\" data-href=\"https:\/\/commons.princeton.edu\/contextos\/apropiacion-cultural-gramatica-i\/\">es posible que haya<\/span>\u00a0dos posiciones muy diferenciadas<\/span>:\u00a0quienes creen que la apropiaci\u00f3n cultural es una forma de dominaci\u00f3n real que debe ser combatida, y\u00a0quienes <span class=\"gram\u00e1tica layer\" data-type=\"gram\u00e1tica\" data-post=\"1554\" data-href=\"https:\/\/commons.princeton.edu\/contextos\/apropiacion-cultural-gramatica-ii\/\">no creen que exista.<\/span><\/span><\/p>\n<p><span class=\"estructura layer\" data-type=\"estructura\" data-post=\"1628\" data-href=\"https:\/\/commons.princeton.edu\/contextos\/apropiacion-cultural-estructura-i\/\">Ahora bien&#8230; \u00bfqu\u00e9 es exactamente eso de la apropiaci\u00f3n cultural y por qu\u00e9 cada vez se oye hablar m\u00e1s sobre ella? Lo veremos en las siguientes l\u00edneas.<\/span><\/p>\n<p><b>Apropiaci\u00f3n cultural: definici\u00f3n<br \/>\n<\/b>La apropiaci\u00f3n cultural puede ser entendida como la utilizaci\u00f3n de elementos culturales t\u00edpicos de un colectivo \u00e9tnico por parte de otro, despoj\u00e1ndola de todo su significado y banalizando su uso. Dicho de forma m\u00e1s breve, es lo que ocurre cuando se usurpan elementos culturales con finalidades que nada tienen que ver con las que se le atribuyen.<\/p>\n<p>Sin embargo, no existe una sola definici\u00f3n consensuada acerca de lo que es la apropiaci\u00f3n cultural, y por eso algunas personas a\u00f1aden un matiz a esta definici\u00f3n: este &#8220;robo&#8221; cultural debe ser producido por parte de una cultura hegem\u00f3nica o dominante, a costa de otra que es sometida a la primera.<\/p>\n<p>As\u00ed, este \u00faltimo detalle sirve para introducir otro tema en el modo en el que podemos entender este fen\u00f3meno: las din\u00e1micas de poder, la desaparici\u00f3n de ciertas culturas a costa del enriquecimiento de otras.<\/p>\n<p><b>Algunos ejemplos de apropiaci\u00f3n cultural<br \/>\n<\/b>Muchos de los contextos en los que se ha criticado a personas u organizaciones por caer en la apropiaci\u00f3n cultural est\u00e1n ligados al arte, la moda y la est\u00e9tica. Por ejemplo, algunas revistas de moda han sido atacadas y boicoteadas por utilizar a modelos blancas para representar est\u00e9ticas no occidentales con ropajes de culturas consideradas \u201cex\u00f3ticas&#8221;.<br \/>\n[\u2026]<\/p>\n<p><b>La pol\u00e9mica<br \/>\n<\/b>La apropiaci\u00f3n cultural es un concepto muy problem\u00e1tico. Uno de los motivos es que, por un lado, resulta muy arbitrario atribuir una est\u00e9tica, elemento o ritual a un colectivo \u00e9tnico determinado y no a otros.<\/p>\n<p>Por ejemplo, las rastas normalmente son asociadas a grupos \u00e9tnicos ligados a \u00c1frica o en todo caso a Jamaica, pa\u00eds de mayor\u00eda negra. Sin embargo, t\u00e9cnicamente, en el pasado ya hubo grupos de personas blancas que utilizaban rastas, como ciertos pueblos de la Antigua Grecia o grupos religiosos de Europa. Por otro lado, tambi\u00e9n ser\u00eda posible criticar a personas asociadas a las poblaciones de \u00c1frica y Asia por utilizar un elemento cultural de subgrupos \u00e9tnicos que se encuentran en una situaci\u00f3n peor que la propia. A la hora de determinar qu\u00e9 es un grupo \u00e9tnico es posible adoptar infinidad de perspectivas.<\/p>\n<p>Otro problema es que muchas personas no creen que la apropiaci\u00f3n cultural sea un problema, incluso si existe. Es decir, ponen \u00e9nfasis en la idea de que las culturas no tienen l\u00edmites y por ello fluyen, cambian constantemente y pasan de unas manos a otras.<br \/>\n<span class=\"Apple-converted-space\">\u00a0<\/span>[\u2026]<br \/>\nAdem\u00e1s, otro tema del que suele hablarse es que para que exista la apropiaci\u00f3n cultural, primero deben existir elementos culturales que pertenezcan a unas pocas manos. La usurpaci\u00f3n ocurre cuando quien antes disfrutaba de algo deja de hacerlo por la acci\u00f3n de otra persona, que se adue\u00f1a de ese recurso. Sin embargo, en la apropiaci\u00f3n cultural esto no ocurre; en todo caso, se populariza algo que antes solo utilizaba un conjunto m\u00e1s reducido de personas.<\/p>\n<p><b>Una visi\u00f3n m\u00e1s amplia del problema<br \/>\n<\/b>Hay que tener en cuenta que para muchas personas la apropiaci\u00f3n cultural no puede ser entendida analizando simplemente el modo en el que un h\u00e1bito, est\u00e9tica o ritual se vuelve popular. Lo que ocurre es que este fen\u00f3meno es, en todo caso, el s\u00edntoma de que hay una cultura que somete al resto.<br \/>\n[\u2026]<br \/>\nLa apropiaci\u00f3n cultural, pues, ser\u00eda una manera de mercantilizar aspectos culturales que han existido desde hace tiempo fuera de los m\u00e1rgenes del mercado, y que han sido introducidos en este desde la perspectiva de la cultura occidental blanca. [\u2026]<\/p>\n<div class='footnotes' id='footnotes-1594'>\n<div class='footnotedivider'><\/div>\n<ol>\n<li id='fn-1594-1'> Adaptado del <a href=\"https:\/\/psicologiaymente.com\/social\/apropiacion-cultural\" target=\"_blank\" rel=\"noopener noreferrer\">art\u00edculo original<\/a> <span class='footnotereverse'><a href='#fnref-1594-1'>&#8617;<\/a><\/span><\/li>\n<\/ol>\n<\/div>\n","protected":false},"excerpt":{"rendered":"<p>En este art\u00edculo, el psic\u00f3logo Adri\u00e1n Triglia explora diferentes acercamientos al concepto de apropiaci\u00f3n cultural . Hoy, vamos a centrarnos en la funci\u00f3n expositiva de este texto, prestando especial atenci\u00f3n a la impersonalidad, la valoraci\u00f3n, la certeza y la expresi\u00f3n de opini\u00f3n.<\/p>\n","protected":false},"author":3,"featured_media":1663,"parent":0,"menu_order":0,"comment_status":"open","ping_status":"closed","template":"","class_list":["post-1594","reading","type-reading","status-publish","has-post-thumbnail","hentry","contextos_cat-mundo-hisp"],"_links":{"self":[{"href":"https:\/\/commons.princeton.edu\/contextos\/wp-json\/wp\/v2\/reading\/1594","targetHints":{"allow":["GET"]}}],"collection":[{"href":"https:\/\/commons.princeton.edu\/contextos\/wp-json\/wp\/v2\/reading"}],"about":[{"href":"https:\/\/commons.princeton.edu\/contextos\/wp-json\/wp\/v2\/types\/reading"}],"author":[{"embeddable":true,"href":"https:\/\/commons.princeton.edu\/contextos\/wp-json\/wp\/v2\/users\/3"}],"replies":[{"embeddable":true,"href":"https:\/\/commons.princeton.edu\/contextos\/wp-json\/wp\/v2\/comments?post=1594"}],"version-history":[{"count":4,"href":"https:\/\/commons.princeton.edu\/contextos\/wp-json\/wp\/v2\/reading\/1594\/revisions"}],"predecessor-version":[{"id":3762,"href":"https:\/\/commons.princeton.edu\/contextos\/wp-json\/wp\/v2\/reading\/1594\/revisions\/3762"}],"wp:featuredmedia":[{"embeddable":true,"href":"https:\/\/commons.princeton.edu\/contextos\/wp-json\/wp\/v2\/media\/1663"}],"wp:attachment":[{"href":"https:\/\/commons.princeton.edu\/contextos\/wp-json\/wp\/v2\/media?parent=1594"}],"curies":[{"name":"wp","href":"https:\/\/api.w.org\/{rel}","templated":true}]}}